{"id":5496,"date":"2023-04-06T09:23:08","date_gmt":"2023-04-06T07:23:08","guid":{"rendered":"https:\/\/rnyobservatory.eu\/web\/?page_id=5496"},"modified":"2023-05-15T15:51:43","modified_gmt":"2023-05-15T13:51:43","slug":"program-the-azores-2023-conference-and-workshop","status":"publish","type":"page","link":"https:\/\/rnyobservatory.eu\/web\/program-the-azores-2023-conference-and-workshop\/","title":{"rendered":"Program &#8211; The Azores 2023 Conference and Workshop"},"content":{"rendered":"\n<h3 class=\"wp-block-heading\">The Azores 2023 Conference and Workshop<\/h3>\n\n\n\n<h1 class=\"wp-block-heading\">CONFERENCE PROGRAM<br>A guide for NEET social inclusion: Contributions from researchers, policy-makers and institutions<\/h1>\n\n\n\n<div class=\"wp-block-columns is-layout-flex wp-container-core-columns-is-layout-9d6595d7 wp-block-columns-is-layout-flex\">\n<div class=\"wp-block-column is-layout-flow wp-block-column-is-layout-flow\">\n<div class=\"wp-block-buttons is-layout-flex wp-block-buttons-is-layout-flex\">\n<div class=\"wp-block-button has-custom-width wp-block-button__width-100\"><a class=\"wp-block-button__link has-vivid-purple-background-color has-background wp-element-button\">Program<\/a><\/div>\n<\/div>\n<\/div>\n\n\n\n<div class=\"wp-block-column is-layout-flow wp-block-column-is-layout-flow\">\n<div class=\"wp-block-buttons is-layout-flex wp-block-buttons-is-layout-flex\">\n<div class=\"wp-block-button has-custom-width wp-block-button__width-100\"><a class=\"wp-block-button__link has-vivid-green-cyan-background-color has-background wp-element-button\">Venue<\/a><\/div>\n<\/div>\n<\/div>\n\n\n\n<div class=\"wp-block-column is-layout-flow wp-block-column-is-layout-flow\">\n<div class=\"wp-block-buttons is-layout-flex wp-block-buttons-is-layout-flex\">\n<div class=\"wp-block-button has-custom-width wp-block-button__width-100\"><a class=\"wp-block-button__link has-vivid-cyan-blue-background-color has-background wp-element-button\">Participate<\/a><\/div>\n<\/div>\n<\/div>\n<\/div>\n\n\n\n<figure class=\"wp-block-image size-large\"><img decoding=\"async\" width=\"1024\" height=\"365\" data-src=\"https:\/\/rnyobservatory.eu\/web\/wp-content\/uploads\/2023\/04\/Tittle-AZORES23-A3-v5-tz-1024x365.jpg\" alt=\"\" class=\"wp-image-5504 lazyload\" data-srcset=\"https:\/\/rnyobservatory.eu\/web\/wp-content\/uploads\/2023\/04\/Tittle-AZORES23-A3-v5-tz-1024x365.jpg 1024w, https:\/\/rnyobservatory.eu\/web\/wp-content\/uploads\/2023\/04\/Tittle-AZORES23-A3-v5-tz-300x107.jpg 300w, https:\/\/rnyobservatory.eu\/web\/wp-content\/uploads\/2023\/04\/Tittle-AZORES23-A3-v5-tz-150x53.jpg 150w, https:\/\/rnyobservatory.eu\/web\/wp-content\/uploads\/2023\/04\/Tittle-AZORES23-A3-v5-tz-768x274.jpg 768w, https:\/\/rnyobservatory.eu\/web\/wp-content\/uploads\/2023\/04\/Tittle-AZORES23-A3-v5-tz-1536x547.jpg 1536w, https:\/\/rnyobservatory.eu\/web\/wp-content\/uploads\/2023\/04\/Tittle-AZORES23-A3-v5-tz-24x9.jpg 24w, https:\/\/rnyobservatory.eu\/web\/wp-content\/uploads\/2023\/04\/Tittle-AZORES23-A3-v5-tz-36x13.jpg 36w, https:\/\/rnyobservatory.eu\/web\/wp-content\/uploads\/2023\/04\/Tittle-AZORES23-A3-v5-tz-48x17.jpg 48w, https:\/\/rnyobservatory.eu\/web\/wp-content\/uploads\/2023\/04\/Tittle-AZORES23-A3-v5-tz.jpg 1754w\" data-sizes=\"(max-width: 1024px) 100vw, 1024px\" src=\"data:image\/svg+xml;base64,PHN2ZyB3aWR0aD0iMSIgaGVpZ2h0PSIxIiB4bWxucz0iaHR0cDovL3d3dy53My5vcmcvMjAwMC9zdmciPjwvc3ZnPg==\" style=\"--smush-placeholder-width: 1024px; --smush-placeholder-aspect-ratio: 1024\/365;\" \/><\/figure>\n\n\n\n<figure class=\"wp-block-image is-resized\"><a href=\"https:\/\/rnyobservatory.eu\/web\/wp-content\/uploads\/2023\/04\/Program-EN-The-Azores23.pdf\"><img decoding=\"async\" data-src=\"https:\/\/rnyobservatory.eu\/web\/wp-content\/uploads\/2020\/05\/pdf.png\" alt=\"\" class=\"wp-image-3838 lazyload\" width=\"32\" height=\"32\" data-srcset=\"https:\/\/rnyobservatory.eu\/web\/wp-content\/uploads\/2020\/05\/pdf.png 512w, https:\/\/rnyobservatory.eu\/web\/wp-content\/uploads\/2020\/05\/pdf-300x300.png 300w, https:\/\/rnyobservatory.eu\/web\/wp-content\/uploads\/2020\/05\/pdf-150x150.png 150w, https:\/\/rnyobservatory.eu\/web\/wp-content\/uploads\/2020\/05\/pdf-24x24.png 24w, https:\/\/rnyobservatory.eu\/web\/wp-content\/uploads\/2020\/05\/pdf-36x36.png 36w, https:\/\/rnyobservatory.eu\/web\/wp-content\/uploads\/2020\/05\/pdf-48x48.png 48w\" data-sizes=\"(max-width: 32px) 100vw, 32px\" src=\"data:image\/svg+xml;base64,PHN2ZyB3aWR0aD0iMSIgaGVpZ2h0PSIxIiB4bWxucz0iaHR0cDovL3d3dy53My5vcmcvMjAwMC9zdmciPjwvc3ZnPg==\" style=\"--smush-placeholder-width: 32px; --smush-placeholder-aspect-ratio: 32\/32;\" \/><\/a><\/figure>\n\n\n\n<h2 class=\"wp-block-heading\">24th May 2023<\/h2>\n\n\n\n<figure class=\"wp-block-table\"><table><tbody><tr><td><strong>TIME<\/strong><\/td><td><strong>PROGRAM<\/strong><\/td><\/tr><tr><td>09:00 to 09:30<\/td><td>Registration<\/td><\/tr><tr><td>09.30 to 10.00<\/td><td><strong>OPENING CEREMONY<\/strong><br>&#8211; <em>Maria Joao Carreiro<\/em> | Regional Secretary of Youth, professional Quialification and Employment from The Azores Government<br>&#8211; <em>\u00c1lamo Meneses<\/em> | President of the Municipality of Angra do Hero\u00edsmo*<br><em>&#8211; Francisco Sim\u00f5es<\/em> | Chair of the Rural NEET Youth Network, Iscte, Portugal<\/td><\/tr><tr><td>10.00 to 11:00<\/td><td><strong>THE FUTURE OF YOUNG PEOPLE IN EUROPEAN ISLANDS<\/strong><br>Moderator: <em>Tatiana Ferreira<\/em> | Instituto Polit\u00e9cnico de Santar\u00e9m, Portugal\u00a0 \u00a0 <br>Keynote speakers:<br>&#8211; <em>Francisco Maduro-Dias<\/em> | Peripheries and centers from an islander perspective<br><em>&#8211; Giorgios Chatzchristos<\/em> | Aegean University, Greece\u00a0 &#8211; Beyond \u201cyouth guarantees\u201d: Insights from the activation of NEETs on the Greek islands<\/td><\/tr><tr><td>11:00 to 11:30<\/td><td><em>Coffee-break<\/em><em><\/em><\/td><\/tr><tr><td>11.30 to 12.30 &nbsp;<\/td><td><strong>THE FUTURE OF YOUNG PEOPLE IN EUROPEAN RURAL AREAS<\/strong><br>Moderator: <em>Mariano Soler-Porta<\/em>, University of M\u00e1laga, Spain \u00a0 <br>Roundtable:<br>&#8211; <em>Luca Koltai<\/em> | H\u00c9FTA Research Institute and Center for Social and Economic Analyses, Hungary<br><em>&#8211; Heidi Paabort<\/em> | University of Tartu, Estonia<br><em>&#8211; Alen Mujcinovic<\/em> | University of Sarajevo, Bosnia-Herzegovina<\/td><\/tr><tr><td>12.30 to 14.30<\/td><td><em>Lunch <\/em><em><\/em><\/td><\/tr><tr><td>14.30 to 15.45<\/td><td><strong>RURAL NEET YOUTH NETWORK: AVENUES FOR SOCIAL INCLUSION, EDUCATION, EMPLOYMENT AND RURAL DEVELOPMENT IN EUROPEAN PERIPHERIES<\/strong><br>Moderator: <em>Federica Pizzolante<\/em>, Pathernope University of Naples, Italy<br>Panel presentation:<br>&#8211; <em>Maria Fernandes-Jesus<\/em> | University of York St. John, UK<br><em>&#8211; Paul Flynn<\/em> | University of Galway, Ireland<br><em>&#8211; Claudia Petrescu<\/em> | Research Institute for Quality Of Life; University Of Bucharest, Romania<br>&#8211; <em>Stefan Bojnec<\/em> | University of Primorska, Slovenia<\/td><\/tr><tr><td>15.45 to 16.00<\/td><td><em>Coffee-break<\/em><\/td><\/tr><tr><td>16.00 to 16.15<\/td><td><strong>WHAT IS COST AND WHAT DOES IT HAVE TO OFFER?<\/strong><br>Oral presentation:<br><em>Carmencita Malimban<\/em> | COST Association<\/td><\/tr><tr><td>16.15 to 16.30<\/td><td><strong>THE CONTRIBUTION FROM THE EUROPEAN RURAL YOUTH OBSERVATORY FOR THE FUTURE OF YOUNG PEOPLE IN EUROPEAN PERIPHERIES: CONCLUDING REMARKS<\/strong><br>Oral presentation:<br><em>Francisco Sim\u00f5es<\/em> | Chair of the Rural NEET Youth Network, Iscte, Portugal<\/td><\/tr><\/tbody><\/table><\/figure>\n<div class=\"pvc_clear\"><\/div><p id=\"pvc_stats_5496\" class=\"pvc_stats total_only  \" data-element-id=\"5496\" style=\"\"><i class=\"pvc-stats-icon medium\" aria-hidden=\"true\"><svg aria-hidden=\"true\" focusable=\"false\" data-prefix=\"far\" data-icon=\"chart-bar\" role=\"img\" xmlns=\"http:\/\/www.w3.org\/2000\/svg\" viewBox=\"0 0 512 512\" class=\"svg-inline--fa fa-chart-bar fa-w-16 fa-2x\"><path fill=\"currentColor\" d=\"M396.8 352h22.4c6.4 0 12.8-6.4 12.8-12.8V108.8c0-6.4-6.4-12.8-12.8-12.8h-22.4c-6.4 0-12.8 6.4-12.8 12.8v230.4c0 6.4 6.4 12.8 12.8 12.8zm-192 0h22.4c6.4 0 12.8-6.4 12.8-12.8V140.8c0-6.4-6.4-12.8-12.8-12.8h-22.4c-6.4 0-12.8 6.4-12.8 12.8v198.4c0 6.4 6.4 12.8 12.8 12.8zm96 0h22.4c6.4 0 12.8-6.4 12.8-12.8V204.8c0-6.4-6.4-12.8-12.8-12.8h-22.4c-6.4 0-12.8 6.4-12.8 12.8v134.4c0 6.4 6.4 12.8 12.8 12.8zM496 400H48V80c0-8.84-7.16-16-16-16H16C7.16 64 0 71.16 0 80v336c0 17.67 14.33 32 32 32h464c8.84 0 16-7.16 16-16v-16c0-8.84-7.16-16-16-16zm-387.2-48h22.4c6.4 0 12.8-6.4 12.8-12.8v-70.4c0-6.4-6.4-12.8-12.8-12.8h-22.4c-6.4 0-12.8 6.4-12.8 12.8v70.4c0 6.4 6.4 12.8 12.8 12.8z\" class=\"\"><\/path><\/svg><\/i> <img decoding=\"async\" width=\"16\" height=\"16\" alt=\"Loading\" data-src=\"https:\/\/rnyobservatory.eu\/web\/wp-content\/plugins\/page-views-count\/ajax-loader-2x.gif\" border=0 src=\"data:image\/svg+xml;base64,PHN2ZyB3aWR0aD0iMSIgaGVpZ2h0PSIxIiB4bWxucz0iaHR0cDovL3d3dy53My5vcmcvMjAwMC9zdmciPjwvc3ZnPg==\" class=\"lazyload\" style=\"--smush-placeholder-width: 16px; --smush-placeholder-aspect-ratio: 16\/16;\" \/><\/p><div class=\"pvc_clear\"><\/div>","protected":false},"excerpt":{"rendered":"<p>The Azores 2023 Conference and Workshop CONFERENCE PROGRAMA guide for NEET social inclusion: Contributions from researchers, policy-makers and institutions 24th May 2023 TIME PROGRAM 09:00 to 09:30 Registration 09.30 to 10.00 OPENING CEREMONY&#8211; Maria Joao Carreiro | Regional Secretary of Youth, professional Quialification and Employment from The Azores Government&#8211; \u00c1lamo Meneses | President of the Municipality of Angra do Hero\u00edsmo*&#8211; Francisco Sim\u00f5es | Chair of the Rural NEET Youth Network, Iscte, Portugal 10.00 to 11:00 THE FUTURE OF YOUNG PEOPLE&hellip;<\/p>\n<div class=\"pvc_clear\"><\/div>\n<p id=\"pvc_stats_5496\" class=\"pvc_stats total_only  \" data-element-id=\"5496\" style=\"\"><i class=\"pvc-stats-icon medium\" aria-hidden=\"true\"><svg aria-hidden=\"true\" focusable=\"false\" data-prefix=\"far\" data-icon=\"chart-bar\" role=\"img\" xmlns=\"http:\/\/www.w3.org\/2000\/svg\" viewBox=\"0 0 512 512\" class=\"svg-inline--fa fa-chart-bar fa-w-16 fa-2x\"><path fill=\"currentColor\" d=\"M396.8 352h22.4c6.4 0 12.8-6.4 12.8-12.8V108.8c0-6.4-6.4-12.8-12.8-12.8h-22.4c-6.4 0-12.8 6.4-12.8 12.8v230.4c0 6.4 6.4 12.8 12.8 12.8zm-192 0h22.4c6.4 0 12.8-6.4 12.8-12.8V140.8c0-6.4-6.4-12.8-12.8-12.8h-22.4c-6.4 0-12.8 6.4-12.8 12.8v198.4c0 6.4 6.4 12.8 12.8 12.8zm96 0h22.4c6.4 0 12.8-6.4 12.8-12.8V204.8c0-6.4-6.4-12.8-12.8-12.8h-22.4c-6.4 0-12.8 6.4-12.8 12.8v134.4c0 6.4 6.4 12.8 12.8 12.8zM496 400H48V80c0-8.84-7.16-16-16-16H16C7.16 64 0 71.16 0 80v336c0 17.67 14.33 32 32 32h464c8.84 0 16-7.16 16-16v-16c0-8.84-7.16-16-16-16zm-387.2-48h22.4c6.4 0 12.8-6.4 12.8-12.8v-70.4c0-6.4-6.4-12.8-12.8-12.8h-22.4c-6.4 0-12.8 6.4-12.8 12.8v70.4c0 6.4 6.4 12.8 12.8 12.8z\" class=\"\"><\/path><\/svg><\/i> <img decoding=\"async\" width=\"16\" height=\"16\" alt=\"Loading\" data-src=\"https:\/\/rnyobservatory.eu\/web\/wp-content\/plugins\/page-views-count\/ajax-loader-2x.gif\" border=0 src=\"data:image\/svg+xml;base64,PHN2ZyB3aWR0aD0iMSIgaGVpZ2h0PSIxIiB4bWxucz0iaHR0cDovL3d3dy53My5vcmcvMjAwMC9zdmciPjwvc3ZnPg==\" class=\"lazyload\" style=\"--smush-placeholder-width: 16px; --smush-placeholder-aspect-ratio: 16\/16;\" \/><\/p>\n<div class=\"pvc_clear\"><\/div>\n","protected":false},"author":1,"featured_media":0,"parent":0,"menu_order":0,"comment_status":"closed","ping_status":"closed","template":"","meta":{"om_disable_all_campaigns":false,"_monsterinsights_skip_tracking":false,"_monsterinsights_sitenote_active":false,"_monsterinsights_sitenote_note":"","_monsterinsights_sitenote_category":0,"_EventAllDay":false,"_EventTimezone":"","_EventStartDate":"","_EventEndDate":"","_EventStartDateUTC":"","_EventEndDateUTC":"","_EventShowMap":false,"_EventShowMapLink":false,"_EventURL":"","_EventCost":"","_EventCostDescription":"","_EventCurrencySymbol":"","_EventCurrencyCode":"","_EventCurrencyPosition":"","_EventDateTimeSeparator":"","_EventTimeRangeSeparator":"","_EventOrganizerID":[],"_EventVenueID":[],"_OrganizerEmail":"","_OrganizerPhone":"","_OrganizerWebsite":"","_VenueAddress":"","_VenueCity":"","_VenueCountry":"","_VenueProvince":"","_VenueState":"","_VenueZip":"","_VenuePhone":"","_VenueURL":"","_VenueStateProvince":"","_VenueLat":"","_VenueLng":"","_VenueShowMap":false,"_VenueShowMapLink":false,"two_page_speed":[],"footnotes":""},"class_list":["post-5496","page","type-page","status-publish","hentry"],"_links":{"self":[{"href":"https:\/\/rnyobservatory.eu\/web\/wp-json\/wp\/v2\/pages\/5496","targetHints":{"allow":["GET"]}}],"collection":[{"href":"https:\/\/rnyobservatory.eu\/web\/wp-json\/wp\/v2\/pages"}],"about":[{"href":"https:\/\/rnyobservatory.eu\/web\/wp-json\/wp\/v2\/types\/page"}],"author":[{"embeddable":true,"href":"https:\/\/rnyobservatory.eu\/web\/wp-json\/wp\/v2\/users\/1"}],"replies":[{"embeddable":true,"href":"https:\/\/rnyobservatory.eu\/web\/wp-json\/wp\/v2\/comments?post=5496"}],"version-history":[{"count":8,"href":"https:\/\/rnyobservatory.eu\/web\/wp-json\/wp\/v2\/pages\/5496\/revisions"}],"predecessor-version":[{"id":5521,"href":"https:\/\/rnyobservatory.eu\/web\/wp-json\/wp\/v2\/pages\/5496\/revisions\/5521"}],"wp:attachment":[{"href":"https:\/\/rnyobservatory.eu\/web\/wp-json\/wp\/v2\/media?parent=5496"}],"curies":[{"name":"wp","href":"https:\/\/api.w.org\/{rel}","templated":true}]}}